{"id":14860,"date":"2016-11-15T14:35:44","date_gmt":"2016-11-15T13:35:44","guid":{"rendered":"https:\/\/editorialconcreta.org\/?post_type=sight-projects&#038;p=14860"},"modified":"2024-10-09T17:15:28","modified_gmt":"2024-10-09T15:15:28","slug":"peace-treaties","status":"publish","type":"sight-projects","link":"https:\/\/editorialconcreta.org\/en\/projects\/peace-treaties\/","title":{"rendered":"Peace Treaties"},"content":{"rendered":"\n<div class=\"wp-block-columns is-layout-flex wp-container-core-columns-is-layout-9d6595d7 wp-block-columns-is-layout-flex\">\n<div class=\"wp-block-column is-layout-flow wp-block-column-is-layout-flow\">\n<div class=\"cs-entry__post-meta \">\n<div class=\"cs-meta-category\">\n<ul class=\"post-categories\">\n\t<li><a href=\"https:\/\/editorialconcreta.org\/en\/online\/\" rel=\"category tag\">ONLINE<\/a><\/li>\n\t<li>RAPPORTEURS<\/li><\/ul><\/div><\/div>\n\n\n\n<div class=\"wp-block-group is-style-default\"><div class=\"wp-block-group__inner-container is-layout-constrained wp-block-group-is-layout-constrained\">\n<h1 class=\"wp-block-heading\">Peace Treaties<\/h1>\n<\/div><\/div>\n<\/div>\n\n\n\n<div class=\"wp-block-column share-linea is-layout-flow wp-block-column-is-layout-flow\"><div class=\"cnvs-block-share-buttons cnvs-block-share-buttons-1727521843110 cnvs-block-share-buttons-layout-simple is-style-pk-share-buttons-simple-light\" >\t\t<div class=\"pk-share-buttons-wrap pk-share-buttons-layout-simple pk-share-buttons-scheme-gutenberg-block pk-share-buttons-mode-php pk-share-buttons-mode-rest\" data-post-id=\"14860\" data-share-url=\"https:\/\/editorialconcreta.org\/en\/projects\/peace-treaties\/\" >\n\n\t\t\t\n\t\t\t<div class=\"pk-share-buttons-items\">\n\n\t\t\t\t\t\t\t\t\t\t<div class=\"pk-share-buttons-item pk-share-buttons-twitter pk-share-buttons-no-count\" data-id=\"twitter\">\n\n\t\t\t\t\t\t\t<a href=\"https:\/\/x.com\/share?&#038;text=Peace%20Treaties&#038;via=EdConcreta\/&#038;url=https:\/\/editorialconcreta.org\/en\/projects\/peace-treaties\/\" class=\"pk-share-buttons-link\" target=\"_blank\">\n\n\t\t\t\t\t\t\t\t\t\t\t\t\t\t\t\t\t<i class=\"pk-share-buttons-icon pk-icon pk-icon-twitter\"><\/i>\n\t\t\t\t\t\t\t\t\n\t\t\t\t\t\t\t\t\n\t\t\t\t\t\t\t\t\n\t\t\t\t\t\t\t\t\t\t\t\t\t\t\t<\/a>\n\n\t\t\t\t\t\t\t\n\t\t\t\t\t\t\t\n\t\t\t\t\t\t\t\t\t\t\t\t\t<\/div>\n\t\t\t\t\t\t\t\t\t\t\t<div class=\"pk-share-buttons-item pk-share-buttons-facebook pk-share-buttons-no-count\" data-id=\"facebook\">\n\n\t\t\t\t\t\t\t<a href=\"https:\/\/www.facebook.com\/sharer.php?u=https:\/\/editorialconcreta.org\/en\/projects\/peace-treaties\/\" class=\"pk-share-buttons-link\" target=\"_blank\">\n\n\t\t\t\t\t\t\t\t\t\t\t\t\t\t\t\t\t<i class=\"pk-share-buttons-icon pk-icon pk-icon-facebook\"><\/i>\n\t\t\t\t\t\t\t\t\n\t\t\t\t\t\t\t\t\n\t\t\t\t\t\t\t\t\n\t\t\t\t\t\t\t\t\t\t\t\t\t\t\t<\/a>\n\n\t\t\t\t\t\t\t\n\t\t\t\t\t\t\t\n\t\t\t\t\t\t\t\t\t\t\t\t\t<\/div>\n\t\t\t\t\t\t\t\t\t\t\t<div class=\"pk-share-buttons-item pk-share-buttons-linkedin pk-share-buttons-no-count\" data-id=\"linkedin\">\n\n\t\t\t\t\t\t\t<a href=\"https:\/\/www.linkedin.com\/shareArticle?mini=true&#038;url=https:\/\/editorialconcreta.org\/en\/projects\/peace-treaties\/\" class=\"pk-share-buttons-link\" target=\"_blank\">\n\n\t\t\t\t\t\t\t\t\t\t\t\t\t\t\t\t\t<i class=\"pk-share-buttons-icon pk-icon pk-icon-linkedin\"><\/i>\n\t\t\t\t\t\t\t\t\n\t\t\t\t\t\t\t\t\n\t\t\t\t\t\t\t\t\n\t\t\t\t\t\t\t\t\t\t\t\t\t\t\t<\/a>\n\n\t\t\t\t\t\t\t\n\t\t\t\t\t\t\t\n\t\t\t\t\t\t\t\t\t\t\t\t\t<\/div>\n\t\t\t\t\t\t\t\t<\/div>\n\t\t<\/div>\n\t<\/div><\/div>\n<\/div>\n\n\n<div class=\"cnvs-block-contributors cnvs-block-contributors-1727522190649\" >\t\t<div class=\"widget-body\">\n\t\t\t\t\t\t\t<div class=\"pk-widget-contributors\">\n\t\t\t\t\t\t\t\t\t\t\t\t<div class=\"pk-author-item\">\n\t\t\t\t\t\t\t\t\t\t\t\t\t\t\t\t\t<div class=\"pk-author-avatar\">\n\t\t\t\t\t\t\t\t\t\t<a href=\"https:\/\/editorialconcreta.org\/en\/author\/iris-dressler\/\" rel=\"author\">\n\t\t\t\t\t\t\t\t\t\t\t<img alt='' src='https:\/\/editorialconcreta.org\/wp-content\/uploads\/2024\/03\/avatar-author_i.jpg' srcset='https:\/\/editorialconcreta.org\/wp-content\/uploads\/2024\/03\/avatar-author_i.jpg 2x' class='avatar avatar-80 photo avatar-default' height='80' width='80' \/>\t\t\t\t\t\t\t\t\t\t<\/a>\n\t\t\t\t\t\t\t\t\t<\/div>\n\t\t\t\t\t\t\t\t\t\t\t\t\t\t\t\t<div class=\"pk-author-data\">\n\t\t\t\t\t\t\t\t\t\n\t\t\t\t\t\t\t\t\t<h6 class=\"author-name\">\n\t\t\t\t\t\t\t\t\t\t<a href=\"https:\/\/editorialconcreta.org\/en\/author\/iris-dressler\/\" rel=\"author\">\n\t\t\t\t\t\t\t\t\t\t\tIris Dressler\t\t\t\t\t\t\t\t\t\t<\/a>\n\t\t\t\t\t\t\t\t\t<\/h6>\n\n\t\t\t\t\t\t\t\t\t\t\t\t\t\t\t\t\t\t\t<div class=\"author-description pk-color-secondary\">\n\t\t\t\t\t\t\t\t\t\t\t(Neuss 1966). Estudi\u00f3 historia del arte, filosof\u00eda y literatura en&hellip;\t\t\t\t\t\t\t\t\t\t<\/div>\n\t\t\t\t\t\t\t\t\t\n\t\t\t\t\t\t\t\t\t\n\t\t\t\t\t\t\t\t\t\t\t\t\t\t\t\t\t<\/div>\n\t\t\t\t\t\t\t<\/div>\n\t\t\t\t\t\t\t\t\t\t<\/div>\n\t\t\t\t\t\t<\/div>\n\t<\/div>\n\n\n<p>The artist, curator and writer Pedro G. Romero opened&nbsp;<em>Peace Treaties<\/em>&nbsp;\u2014the excellent exhibition he conceived within the programme for Donostia-San Sebasti\u00e1n European Capital of Culture\u2014 with a reflection on the white flag. What else could we expect from an artist who dedicates a substantial part of his practice to the nihilisms of modernity and its images of ruins? Surrender as a kind of zero hour of the future peace that must rise from the rubble of war, a zero hour that is by no means a blank page, but rather, as the exhibition constantly reminds us, is based from the outset on the relationship of specific forces established between the vanquished and the victorious. Or, as one can read somewhere, \u201cthere is no innocent flag\u201d. As stipulated by The Hague Convention respecting the Laws and Customs of War on Land (1899), the white flag, also known as the flag of truce, vouchsafes the inviolability of its bearer. White against a white ground: an absence and at once a treaty, an agreement.<br><br>One of the first works we come across \u2014if one can speak in those terms about an exhibition like this, divided over two venues, each one with numerous spatial and temporal ramifications\u2014 is a poem by Octavio Paz and the book-object&nbsp;<em>Blanco<\/em>&nbsp;(1967), bound as if it were an accordion. It comes in fact from&nbsp;<em>Archivo F.X.<\/em>, by Romero himself, and not only connects with his passion for word plays \u2014Paz and Blanco, literally \u2018peace\u2019 and \u2018white\u2019 respectively in Spanish, are in one way a kind of reverse&nbsp;<em>d\u00e9tournement<\/em>&nbsp;of the white flag\u2014 but also, on a structural level, with the \u201cconceptual mechanism\u201d of the exhibition, as Romero calls it, to which a separate publication is dedicated (just like Raymond Roussel, who divulged his compositional mechanism in&nbsp;<em>Comment j\u2019ai \u00e9crit certains de mes livres<\/em>, published in 1935).<br><br>The poem by Paz, which can be formally situated within the tradition of St\u00e9phane Mallarm\u00e9\u2019s \u201c<em>Un coup de d\u00e9s\u2026<\/em>\u201d, begins with instructions that explain the mathematical structure on which the various possibilities of reading it are based. Likewise, the conceptual mechanisms on which Romero\u2019s work in general (<em>Archivo F.X.<\/em>) and the project&nbsp;<em>Peace Treaty<\/em>&nbsp;in particular are based correspond with this kind of set-up, with a device that, complete with a mesh of tangled spools, fields, vanishing points and points of reference and coupled with multiple entrances and exits, generates a multiplicity of readings interspersed with discontinuities and unexpected associations. Without this concomitant combination of complexity and certain lightness, any exhibition aspiring to address such an unbounded and directly monstrous issue as war, peace and its formalisations through law, politics, art and history since 1516 within the framework of a wider project would be bound to fail: either by dint of banalisation or as a result of the complacent institutional fiction of an all-embracing encyclopaedic remit. After all, Romero\u2019s work is sustained precisely on the model of the anarchive, which is structured around gaps and sinuosities, repetitions and divergences throughout a course of \u201cbold pirouettes\u201d, as he himself recognises: the same kind of motion that, within the frame of this description, he wished to replicate in the sense of a&nbsp;<em>cross-country reading<\/em>.<br><br>A constantly recurring theme throughout the various chapters, branches and venues of the exhibition is the map: whether this be a political-military tool for construction, division and control of space \u2014 like a \u201cgeography of war\u201d that, in the words of the artist, at once fixes and establishes a \u201cchoreography for peace\u201d\u2014 or whether it be in the sense of \u201canti-maps\u201d, as devised by Aby Warburg in his celebrated&nbsp;<em>Atlas Mnemosyne<\/em>. This atlas is visible in the exhibition not only in the form of extracts \u2014specifically, the panels referring to the signing of the Lateran Treaty between the Catholic Church and Benito Mussolini\u2014 but also in the way it has been employed as a curatorial model for the constellations of objects in the space. Warburg\u2019s atlas responds to a conception of images in which meaning and context are constantly changing and never fixed; and, according to Romero, in dealing with them, chorography \u2014the art or science of representation of space\u2014 is as important as choreography.<br><br>The idea of the (anti-)map was also brought into play as the inspiration for a series of works based on language, notably the aforementioned poem by Octavio Paz or&nbsp;<em>Codex Artaud XIII<\/em>&nbsp;(1972) by Nancy Spero, mounted vertically, which is on exhibit, among other works, in front of the explicit drawings of the extermination of the native people of the New World by Theodor de Bry, published in the mid-sixteenth century to illustrate Bartolom\u00e9 de las Casas\u2019&nbsp;<em>Brev\u00edsima relaci\u00f3n de la destrucci\u00f3n de las Indias<\/em>; the same illustrations that Artaud spoke of in his theory on the Theatre of Cruelty.<br><br>Cartographic compositions can also be found in&nbsp;<em>La tierra es para todos \/ Estad\u00edsticas mortales<\/em>&nbsp;(1986), the manuscript of an expansive poem, covering several pages, by the Basque sculptor and writer Jorge Oteiza, whose variations are plagued with erasures, additions, circles and changes of place, but also in&nbsp;<em>Vitrines de r\u00e9f\u00e9rence<\/em>&nbsp;by Christian Boltanski.<br><br>Dennis Oppenheim\u2019s and Sophie Ristelhueber\u2019s works engage with the absurd and violent character implicit in the drawing of (always artificial) political boundaries, while Harun Farocki and Mario Garc\u00eda Torres address the (global, general) bird\u2019s-eye view or the perspective of drones as fictions of control, semantics and the legibility of space. There are also odd maps, like the ones to guide tourists through the battlefields of the First and Second World War, or others, like the depiction of the Siege of Breda made by Jacques Callot in the early seventeenth century \u2014to which Peter Snayers would return around one hundred years later\u2014 are like a hybrid halfway between the theatrical panorama and the \u201cobjective\u201d map.<br><br>One comes away from the show with the impression that it keeps returning to issues that oscillate between representations of peace and of war: playing down and minimising bellicose moments as if they were pastimes, spectacles or playing \u2014we have, for instance, the unforgettable suite of gallant engravings by Jacob de Gheyn II of military uniforms from around 1589\u2014 or, on the contrary, idylls and celebrations of peace that subsume the rhetoric of violence, such as, for example,&nbsp;<em>The Magpie on the Gallows<\/em>&nbsp;(1568), the painting by Pieter Bruegel the Elder in which the (spatially impossible) figure of a gallows stands in the midst of a landscape of otherwise festive abandon, or the&nbsp;<em>Column of Peace<\/em>&nbsp;(1954) by Antoine Pevsner with its decidedly aggressive forms reminiscent of rockets or bent lances.<br><br>The basic undergirding of the exhibition, its map if you like, is grounded in three core coordinates: Francisco de Vitoria or what was known as the Iberian School of Peace; twenty-one European museums whose collections provide the main holdings and framework for this far-reaching investigation into institutional or social representations of peace (and of war); and a selection of sixteen historic exhibitions. The 600-plus objects on exhibit, including artworks spanning from the sixteenth century to the present, as well as objects from everyday life, from the military or science, are accompanied by a system of posters and brief texts that, more than fulfilling an edifying purpose, form part of a kind of poetic metanarrative replete with subjective commentaries, word plays and aphoristic expressions.<br><br>The theologian and jurist Francisco de Vitoria, founder of the school of Salamanca, or the Iberian School of Peace as it is also known, in the first half of the sixteenth century, and widely viewed as one of the fathers of International Law is introduced here in a highly interesting fashion in the form of the maquette of a decapitated monument\u2014iconoclasm being another underlying theme of the exhibition. De Vitoria and his fellow comrades-in-arms were the first to question the legitimacy of war and colonialism, and laid the first stone in a politics of negotiation and agreement, and outlined a theory of \u201cjust war\u201d. The doctrine and ideas of the School were influenced by the wars against heretics, by the expulsion of the Moors and Jews from Castile, by the colonisation of America, and by the beginning of an economy based on debt to fund the excessive wars of Charles V, but also by works like Thomas More\u2019s&nbsp;<em>Utopia<\/em>&nbsp;(1516).<br><br>Today, five centuries later, the School furnished the titles of the nine chapters in which the exhibition investigates the ambivalences of the imaginings and treaties of peace from their original discourses: Territory, History, Emblems, Military, the Dead, Economy, Weapons, Population and Treaties. Among these ambivalences is the fact that at the beginning of diplomacy, agreements and international law is the colonisation of the \u201cNew World\u201d, or that even the efforts of the colonisers for a peaceful coexistence with the native peoples was preceded by their expulsion and brutal annihilation. This can be well appreciated, for instance, in the case of Vasco de Quiroga (also known as Tata Vasco), the first bishop of Michoacan (Mexico) who built his utopian model of just co-existence, in peace and in freedom, on the rubble left by Hern\u00e1n Cort\u00e9s. Discovered barely eighty years after the publication of More\u2019s&nbsp;<em>Utopia<\/em>, the so-called&nbsp;<em>Lead Books of Sacromonte<\/em>, which contain a new gospel written in a cryptic language by Morisco scholars and imagine equality and fraternity between Jews, Christians and Muslims, are however viewed as apocryphal by the Catholic Church. Until the year 2000, they were kept under lock and key at the Vatican Library. The exhibition follows the trail of the singular symbolism of these utopian books by means of a wide-ranging impressive presentation which is, along with the display cases dedicated to the poem written by Ernesto de Cardenal about Bishop Tata Vasco and to his interpretation of indigenous craftwork, another of the axis of the exhibition that connects with the idea of the museum: \u201c[\u2026] as a kind of parliament of things, managing the symbolic values and representations of a certain community\u201d, as Romero tells us.<br><br>Since the opening of the Louvre, the first of the modern museums, which coincides in time with the invention of the guillotine (Bataille) and which, at first, was stocked with the spoils of war, the institution went on to become a guarantor of the democratisation of our cultural heritage (which is always the heritage of the victors). \u201cThere is something paradisiacal about the exuberance of a museum\u201d Romero claims, \u201c[\u2026] in the same sense as the lushest gardens thrive where cemeteries used to be.\u201d<br><br><em>Tata Vasco: A Poem<\/em>&nbsp;and the&nbsp;<em>Lead Books of Sacromonte<\/em>&nbsp;are part of the sixteen benchmark exhibitions and shows that, in the form of maquettes, fragments and new interpretations, run through the discourses and themes of&nbsp;<em>Peace Treaties<\/em>. Here we also have, for instance, the Hall of Mirrors in Versailles, a place that reflects the \u201cdangers of symmetry\u201d between 1871 (proclamation of the German Reich; symbolic humiliation of the German people) and 1919 (Treaty of Versailles; symbolic humiliation of the German people); or the&nbsp;<em>Mus\u00e9e d\u2019Art Moderne, D\u00e9partement des Aigles<\/em>&nbsp;by Marcel Broodthaers, which, with its exploration of the emblem of the Eagle, stands as a counterpoint to the symbol of the dove of peace, which, on the other hand, is consecrated in one of the most curious pieces on view in the exhibition: a stuffed messenger pigeon which, during the Spanish Civil War, carried messages to the Republican forces captained by Santiago Cort\u00e9s Gonz\u00e1lez who had taken refuge in the Sanctuary of the Virgen de la Cabeza.<br><br>There are display cases dedicated to the museums of peace and (against) war by Jean Bloch (1902-1919, Lucerne) and Ernst Friedrich (founded in Berlin in 1925), or to&nbsp;<em>La V\u00e9rit\u00e9 sur les colonies<\/em>, the counter-exhibition staged by French Communists, leading Surrealists and others, which explicitly underscored the imperialist and racist connotations of the Exposition International Coloniale held in Paris in 1931. Also represented is the iconic exhibition&nbsp;<em>The Family of Man<\/em>, the \u201cpacifist exhibit\u201d engendered by Cold War rhetoric which UNESCO included in 2003 in its Memory of the World Register, alongside the Hiroshima Peace Memorial Museum, which evokes peace from the perspective of the \u201czero hour\u201d of the nuclear threat, while at the same time embracing the catastrophe par excellence and commercialising it as a tourist attraction.<br><br>Starting from the title The Dead, borrowed from the Iberian School of Peace, Romero has forged a curious pivot that acts as a hinge between the two venues of the exhibition and divides the section into two parts. Each one of the parts is assigned a reference exhibition that addresses the same catastrophe \u2014the holocaust\u2014 but from two different perspectives: one official and the other subaltern, if you will. While in the San Telmo Museum (The Dead, part 1) the holocaust is viewed through the prism of the exhibition&nbsp;<em>The Holocaust Against the Roma and Sinti<\/em>, conceived by the Documentation and Cultural Centre of German Sinti and Roma, whose headquarters are in Heidelberg, and which has been touring since 2006 in the form of stele and wall modules, the reference for the second part in the Koldo Mitxelena Cultural Centre is the Auschwitz-Birkenau State Museum in O\u015bwi\u0119cim. Here one can see, among other things, photographic reports of the \u201cpacks of European visitors\u201d who visit the commemorative place of Auschwitz, among which were those four famous photographs of prisoners taken by the so-called&nbsp;<em>Sonderkommando<\/em>&nbsp;to which Georges Didi-Huberman consecrated his Images&nbsp;<em>malgr\u00e9 tout<\/em>&nbsp;(Images in Spite of All, 2004), as well as a selection of drawings by inmates, some of the most moving images on view in the exhibition. Particularly worth underscoring is&nbsp;<em>Military Post<\/em>&nbsp;by Franciszek Targosz, whose joyful sketches evoke the idyllic air of a holiday resort. In a kind of polemic between Theodor Adorno, Georges Didi-Huberman and Ludwig Wittgenstein, Romero investigates the possibilities and the limits of a representation of extermination camps over and above falling back on what is usually classified as \u201cinconceivable\u201d.<br><br>In the first part of the approximation to the holocaust, which focuses on the (long-ignored) genocide of European Sinti and Roma gypsies, Romero introduces, as yet another element, Flamenco as a form of resistance not only during the years of German Fascism, but also during Franco\u2019s dictatorship: this is the case, for instance, of the work of the experimental company Teatro Estudio Lebrijano, which, in the 1960s, staged its works in factories and on the street.<br><br>First and foremost amidst the abundance and energy of the material that the exhibition<sup>&nbsp;[1]<\/sup>&nbsp;deploys before us \u2014from works by old and modern \u201cmasters\u201d to anonymous artefacts, everyday objects and&nbsp;<em>Lumpenkunst<\/em>\u2014 what is being questioned in this polyphonic murmur are the micro-histories, and, in doing so, the exhibition counteracts the idea of history and of peace whose hegemonic narrative is the narrative of the victors.<\/p>\n\n\n\n<div style=\"height:100px\" aria-hidden=\"true\" class=\"wp-block-spacer\"><\/div>\n\n\n\n<p class=\"Notas\"><strong>Notes:<\/strong><br>*<em>Bake ituna\/Tratado de paz<\/em>&nbsp;is a project for San Sebasti\u00e1n 2016, European Capital of Culture, organised jointly by San Telmo Museoa and Koldo Mitxelena Kulturunea.&nbsp;<em>1516-2016. Bake-itunak\/Tratados de paz<\/em>&nbsp;was held in two venues: San Telmo Museoa and Koldo Mitxelena Kulturunea from 17 June to 2 October 2016. Based on an idea by Santiago Eraso, it was curated by Pedro G. Romero and coordinated by BNV-Produciones. The design of the exhibition space was by the artist Isa\u00edas Gri\u00f1olo and the design of the catalogue and publications was by Filiep Tacq.<\/p>\n\n\n\n<p><sup>[1]&nbsp;<\/sup>In this brief text it is impossible, not even approximately, to address the complexity, the countless references and the density of this exhibition, not to mention the overall reach of the&nbsp;<em>Peace Treaty<\/em>&nbsp;project, begun in 2013. In this regard, as well as visiting the exhibition, I would heartily recommend the sizeable publication, which I believe will, with time, become one of the most important sources on issues dealing with peace, war, art, treaties, museums and many other themes.<\/p>\n","protected":false},"excerpt":{"rendered":"Iris Dressler reflects on the project Peace Treaties: a critical journey through the micro-histories that analyse the formal representations of peace by the means of law, politics, history and art since 1516.\nThe artist, curator and writer Pedro G. Romero opened Peace Treaties \u2014the excellent exhibition he conceived within the programme for Donostia-San Sebasti\u00e1n European Capital of Culture\u2014 with a reflection on the white flag. What else could we expect from an artist who dedicates a (&#8230;)\n","protected":false},"author":448,"featured_media":14978,"menu_order":0,"template":"","meta":{"sight_post_video_url":"","sight_post_video_bg_start_time":0,"sight_post_video_bg_end_time":0},"sight-categories":[128,571],"ppma_author":[507],"class_list":{"0":"post-14860","1":"sight-projects","2":"type-sight-projects","3":"status-publish","4":"has-post-thumbnail","6":"cs-entry","7":"cs-video-wrap"},"_links":{"self":[{"href":"https:\/\/editorialconcreta.org\/en\/wp-json\/wp\/v2\/sight-projects\/14860","targetHints":{"allow":["GET"]}}],"collection":[{"href":"https:\/\/editorialconcreta.org\/en\/wp-json\/wp\/v2\/sight-projects"}],"about":[{"href":"https:\/\/editorialconcreta.org\/en\/wp-json\/wp\/v2\/types\/sight-projects"}],"author":[{"embeddable":true,"href":"https:\/\/editorialconcreta.org\/en\/wp-json\/wp\/v2\/users\/448"}],"wp:featuredmedia":[{"embeddable":true,"href":"https:\/\/editorialconcreta.org\/en\/wp-json\/wp\/v2\/media\/14978"}],"wp:attachment":[{"href":"https:\/\/editorialconcreta.org\/en\/wp-json\/wp\/v2\/media?parent=14860"}],"wp:term":[{"taxonomy":"sight-categories","embeddable":true,"href":"https:\/\/editorialconcreta.org\/en\/wp-json\/wp\/v2\/sight-categories?post=14860"},{"taxonomy":"author","embeddable":true,"href":"https:\/\/editorialconcreta.org\/en\/wp-json\/wp\/v2\/ppma_author?post=14860"}],"curies":[{"name":"wp","href":"https:\/\/api.w.org\/{rel}","templated":true}]}}